{"id":1140,"date":"2020-09-06T14:22:20","date_gmt":"2020-09-06T12:22:20","guid":{"rendered":"http:\/\/assoyogafacondetre.com\/fr\/?page_id=1140"},"modified":"2025-09-04T16:24:28","modified_gmt":"2025-09-04T14:24:28","slug":"ayurveda-energetique","status":"publish","type":"page","link":"https:\/\/assoyogafacondetre.com\/fr\/ayurveda-energetique\/","title":{"rendered":"Ayurveda Energ\u00e9tique"},"content":{"rendered":"<p>L&rsquo;\u00eatre humain souffre d&rsquo;\u00eatre d\u00e9connect\u00e9 de certaines parties de lui-m\u00eame, des autres ou du monde.<\/p>\n<div id=\"metaslider-id-1507\" style=\"width: 100%; margin: 0 auto;\" class=\"ml-slider-3-97-0 metaslider metaslider-flex metaslider-1507 ml-slider ms-theme-default\" role=\"region\" aria-roledescription=\"Slideshow\" aria-label=\"Ayurveda Energ\u00e9tique\" data-width=\"1800\">\n    <div id=\"metaslider_container_1507\">\n        <div id=\"metaslider_1507\">\n            <ul class='slides'>\n                <li style=\"display: none; width: 100%;\" class=\"slide-1517 ms-image \" aria-roledescription=\"slide\" aria-label=\"slide-1517\" data-date=\"2021-12-01 23:08:35\"><img loading=\"lazy\" decoding=\"async\" src=\"https:\/\/assoyogafacondetre.com\/fr\/wp-content\/uploads\/2021\/11\/DSC09895-scaled-1800x1200.jpg\" height=\"1200\" width=\"1800\" alt=\"\" class=\"slider-1507 slide-1517\" title=\"DSC09895\" \/><\/li>\n                <li style=\"display: none; width: 100%;\" class=\"slide-1510 ms-image \" aria-roledescription=\"slide\" aria-label=\"slide-1510\" data-date=\"2021-12-01 23:00:49\"><img loading=\"lazy\" decoding=\"async\" src=\"https:\/\/assoyogafacondetre.com\/fr\/wp-content\/uploads\/2021\/11\/DSC09829-scaled-1800x1200.jpg\" height=\"1200\" width=\"1800\" alt=\"\" class=\"slider-1507 slide-1510\" title=\"DSC09829\" \/><\/li>\n                <li style=\"display: none; width: 100%;\" class=\"slide-1511 ms-image \" aria-roledescription=\"slide\" aria-label=\"slide-1511\" data-date=\"2021-12-01 23:00:49\"><img loading=\"lazy\" decoding=\"async\" src=\"https:\/\/assoyogafacondetre.com\/fr\/wp-content\/uploads\/2021\/11\/DSC09834-scaled-1800x1200.jpg\" height=\"1200\" width=\"1800\" alt=\"\" class=\"slider-1507 slide-1511\" title=\"DSC09834\" \/><\/li>\n                <li style=\"display: none; width: 100%;\" class=\"slide-1512 ms-image \" aria-roledescription=\"slide\" aria-label=\"slide-1512\" data-date=\"2021-12-01 23:00:49\"><img loading=\"lazy\" decoding=\"async\" src=\"https:\/\/assoyogafacondetre.com\/fr\/wp-content\/uploads\/2021\/11\/DSC09857-Copie-scaled-1800x1200.jpg\" height=\"1200\" width=\"1800\" alt=\"\" class=\"slider-1507 slide-1512\" title=\"DSC09857 - Copie\" \/><\/li>\n            <\/ul>\n        <\/div>\n        \n    <\/div>\n<\/div>\n<p>L&rsquo;<strong>Ayurveda \u00c9nerg\u00e9tique<\/strong> permet de r\u00e9tablir les connexions l\u00e0 o\u00f9 elles ont \u00e9t\u00e9 interrompues. Il s&rsquo;adresse \u00e0 la force autor\u00e9gulatrice du corps, appel\u00e9e aussi sagesse int\u00e9rieure, afin de rep\u00e9rer quelles sont les connexions prioritaires \u00e0 refaire. L&rsquo;un ou l&rsquo;autre test permettra de faire une rechercher individualis\u00e9e, personnalis\u00e9e et les protocoles d&rsquo;harmonisation permettront \u00e0 l&rsquo;\u00e9nergie de circuler \u00e0 nouveau librement dans les lignes et les centres \u00e9nerg\u00e9tiques du corps, ramenant le bien-\u00eatre et la sant\u00e9.<\/p>\n<p>L&rsquo;Ayurveda \u00c9nerg\u00e9tique s&rsquo;appuie sur les savoir et le savoir-faire de la m\u00e9decine traditionnelle des Sages Rishis de l&rsquo;Inde Ancienne. Ils connaissaient le fonctionnement de l&rsquo;ensemble des syst\u00e8mes \u00e9nerg\u00e9tiques ou des corps plus subtils de l\u2019\u00catre Humain.<\/p>\n<p>Idris Lahore en a fait un syst\u00e8me de bien-\u00eatre et de sant\u00e9 original, en y introduisant les connaissances de la m\u00e9decine moderne et de la kin\u00e9siologie.<\/p>\n<p>En plus de s\u00e9ances individuelles \u00ab\u00a0en pr\u00e9sentiel\u00a0\u00bb, vous avez \u00e9galement la possibilit\u00e9 de travailler \u00e0 distance, sur un repr\u00e9sentant. Pour plus d&rsquo;informations, <a href=\"https:\/\/assoyogafacondetre.com\/fr\/contact\/\">nous contacter<\/a>.<\/p>\n<h3 style=\"text-align: center;\"><strong><span style=\"color: #333399;\">\u00a0AYURVEDA \u00e9nerg\u00e9tique<\/span><span style=\"color: #0000ff;\"><span style=\"color: #333399;\"> \u00e0 AIRE sur l&rsquo;Adour<br \/><\/span><\/span><\/strong><\/h3>\n<h3 style=\"text-align: center;\"><strong><span style=\"color: #0000ff;\"><span style=\"color: #333399;\">toute l&rsquo;ann\u00e9e<br \/><\/span><\/span><\/strong><\/h3>\n<p style=\"text-align: center;\">s\u00e9ances individuelles sur RDV tarifs : 70 \u20ac s\u00e9ances de 1h \u00e0 1h15 &#8211; Tarif r\u00e9duit sous conditions<\/p>\n<h3><span style=\"color: #0000ff;\">SEANCES INDIVIDUELLES &#8211; Week-end DECOUVERTE &#8211; FORMATION<\/span><\/h3>\n<p>L&rsquo;\u00eatre humain a perdu son unit\u00e9, il est entr\u00e9 dans la dualit\u00e9 et la fragmentation, et il a besoin d&rsquo;une aide pour retrouver l&rsquo;unit\u00e9, le bien-\u00eatre et la sant\u00e9. Le praticien en Ayurveda \u00c9nerg\u00e9tique permet \u00e0 l&rsquo;organisme de synchroniser \u00e0 nouveau l&rsquo;ensemble de ses fonctions en r\u00e9tablissant les connexions \u00e9nerg\u00e9tiques perturb\u00e9es. Alors, l&rsquo;organisme, de fa\u00e7on tout \u00e0 fait naturelle, permet \u00e0 ses propres forces de gu\u00e9rison de mettre en \u0153uvre tous les processus de retour \u00e0 la sant\u00e9 et au bien-\u00eatre.<\/p>\n<p>Permettre l&rsquo;am\u00e9lioration ou la gu\u00e9rison de troubles aussi divers que :<\/p>\n<ul>\n<li>les douleurs des articulations des membres et du dos, les probl\u00e8mes musculaires ou tendineux<\/li>\n<li>les probl\u00e8mes psychologiques, allant des troubles \u00e9motionnels aux stress et aux phobies<\/li>\n<li>les probl\u00e8mes de m\u00e9moire, de concentration, les difficult\u00e9s \u00e0 apprendre, les probl\u00e8mes de sommeil<\/li>\n<li>la fatigue chronique<\/li>\n<li>les maladies li\u00e9es aux infections bact\u00e9riennes, virales, mycosiques ou parasitaires<\/li>\n<li>les allergies et intol\u00e9rances alimentaires, les troubles digestifs&#8230;.<\/li>\n<\/ul>\n<h4><span style=\"color: #0000ff;\">Que vous soyez un professionnel ou \u00e0 titre personnel pour vous, vos proches&#8230;<\/span><\/h4>\n<h4><span style=\"color: #0000ff;\">Vous souhaitez vous former en AYURVEDA ENERGETIQUE ?\u00a0 <\/span><\/h4>\n<h4><span style=\"color: #0000ff;\">OUI !\u00a0 Ici dans les Landes de octobre 2025 \u00e0 sept 2026<\/span><\/h4>\n<h5>&#8211; Week-end d\u00e9couverte les sam 11 et dim 12 octobre 2026 &#8211; tarif promotionnel : 135 \u20ac<\/h5>\n<ul>\n<li>autre Week-end d\u00e9couverte du Vendredi 7 au Dimanche 9 Nov &#8211; (\u00e9galement premi\u00e8re session de formation). 130 \u20ac par jour<\/li>\n<li>Session 2 : du vendredi 16 au dimanche 18 janvier<\/li>\n<li>Session 3 : du vendredi 13 au dimanche 15 mars<\/li>\n<li>Session 4 : les samedi 25 et dimanche 26 avril avec M\u00e9lodie LIONELLO<\/li>\n<li>Session 5 : SEA sup\u00e9rieur : du vendredi 11 au dimanche 13 septembre 2026 avec Emma Thyloch<\/li>\n<\/ul>\n<p>Plus d&rsquo;infos sur demande ou avec les liens suivants :<\/p>\n\n\n<p><\/p>\n","protected":false},"excerpt":{"rendered":"<p>L&rsquo;\u00eatre humain souffre d&rsquo;\u00eatre d\u00e9connect\u00e9 de certaines parties de lui-m\u00eame, des autres ou du monde. L&rsquo;Ayurveda \u00c9nerg\u00e9tique permet de r\u00e9tablir les connexions l\u00e0 o\u00f9 elles ont \u00e9t\u00e9 interrompues. Il s&rsquo;adresse \u00e0 la force autor\u00e9gulatrice du corps, appel\u00e9e aussi sagesse int\u00e9rieure, afin de rep\u00e9rer quelles sont les connexions prioritaires \u00e0 refaire. L&rsquo;un ou l&rsquo;autre test permettra &#8230; <a title=\"Ayurveda Energ\u00e9tique\" class=\"read-more\" href=\"https:\/\/assoyogafacondetre.com\/fr\/ayurveda-energetique\/\" aria-label=\"En savoir plus sur Ayurveda Energ\u00e9tique\">Lire la suite<\/a><\/p>\n","protected":false},"author":1,"featured_media":0,"parent":0,"menu_order":0,"comment_status":"closed","ping_status":"closed","template":"","meta":{"footnotes":""},"class_list":["post-1140","page","type-page","status-publish"],"aioseo_notices":[],"_links":{"self":[{"href":"https:\/\/assoyogafacondetre.com\/fr\/wp-json\/wp\/v2\/pages\/1140","targetHints":{"allow":["GET"]}}],"collection":[{"href":"https:\/\/assoyogafacondetre.com\/fr\/wp-json\/wp\/v2\/pages"}],"about":[{"href":"https:\/\/assoyogafacondetre.com\/fr\/wp-json\/wp\/v2\/types\/page"}],"author":[{"embeddable":true,"href":"https:\/\/assoyogafacondetre.com\/fr\/wp-json\/wp\/v2\/users\/1"}],"replies":[{"embeddable":true,"href":"https:\/\/assoyogafacondetre.com\/fr\/wp-json\/wp\/v2\/comments?post=1140"}],"version-history":[{"count":12,"href":"https:\/\/assoyogafacondetre.com\/fr\/wp-json\/wp\/v2\/pages\/1140\/revisions"}],"predecessor-version":[{"id":19994,"href":"https:\/\/assoyogafacondetre.com\/fr\/wp-json\/wp\/v2\/pages\/1140\/revisions\/19994"}],"wp:attachment":[{"href":"https:\/\/assoyogafacondetre.com\/fr\/wp-json\/wp\/v2\/media?parent=1140"}],"curies":[{"name":"wp","href":"https:\/\/api.w.org\/{rel}","templated":true}]}}