{"id":1182,"date":"2021-11-24T17:50:04","date_gmt":"2021-11-24T16:50:04","guid":{"rendered":"https:\/\/assoyogafacondetre.com\/fr\/?page_id=1182"},"modified":"2025-09-04T17:00:21","modified_gmt":"2025-09-04T15:00:21","slug":"yoga","status":"publish","type":"page","link":"https:\/\/assoyogafacondetre.com\/fr\/yoga\/","title":{"rendered":"Yoga"},"content":{"rendered":"<h1><span style=\"color: #0000ff;\">Yoga de Samara<\/span><\/h1>\n<p>Le <strong>Yoga de Samara<\/strong> est un art traditionnel de <strong>m\u00e9ditation<\/strong> en mouvement qui permet de mieux conna\u00eetre, comprendre et utiliser notre corps physique que nous ressentons parfois comme agr\u00e9able et parfois comme d\u00e9sagr\u00e9able parce qu&rsquo;il est tendu, raide, douloureux, fatigu\u00e9 ou malade.<\/p>\n<p>Il maintient ou redonne de la souplesse \u00e0 la <strong>colonne vert\u00e9brale et aux articulations<\/strong>. Il d\u00e9tend les muscles en les lib\u00e9rant des tensions inutiles et en leur redonnant le tonus n\u00e9cessaire \u00e0 l&rsquo;activit\u00e9 tout en apportant un regain de <strong>vitalit\u00e9<\/strong> car, \u00e0 chaque s\u00e9ance, le corps devient plus souple, plus mobile et plus r\u00e9sistant.<\/p>\n<p>Retrouvez-nous\u00a0 :<\/p>\n<ul>\n<li>Lors des ateliers certains jours- mercredi 10 sept \u00e0 16h &#8211; \u00e0 19h ou mardi 23 septembre de 9h \u00e0 12h<\/li>\n<li>40800 AIRE SUR L&rsquo;ADOUR les mardi \u00e0 19h<\/li>\n<\/ul>\n<p><span style=\"color: #ff00ff;\"><a style=\"color: #ff00ff;\" href=\"https:\/\/assoyogafacondetre.com\/fr\/calendrier\/\"><strong>VOIR CALENDRIER.<\/strong><\/a><\/span><\/p>\n<p><span style=\"color: #ff00ff;\"><strong><span style=\"color: #333333;\">Un cadeau \u00e0 offrir ou \u00e0 s&rsquo;offrir&#8230; Un moment pour soi<\/span><br \/>\n<\/strong><\/span><\/p>\n<p style=\"text-align: left;\">Le bon moment pour revenir vers soi ; se poser en soi, se faire le cadeau d&rsquo;une grande journ\u00e9e ou d&rsquo;un vrai week-end, rien que pour soi.<a href=\"https:\/\/assoyogafacondetre.com\/fr\/contact\/\"> Contactez-nous pour en savoir plus sur les tarifs, infos et conditions d&rsquo;acc\u00e8s<\/a>.<\/p>\n<section class=\"s_text_block\" data-name=\"Text block\">\n<div class=\"container\">\n<div class=\"row\"><\/div>\n<\/div>\n<\/section>\n<div id=\"metaslider-id-1519\" style=\"width: 100%; margin: 0 auto;\" class=\"ml-slider-3-97-0 metaslider metaslider-flex metaslider-1519 ml-slider ms-theme-default\" role=\"region\" aria-roledescription=\"Slideshow\" aria-label=\"Yoga Samara\" data-width=\"900\">\n    <div id=\"metaslider_container_1519\">\n        <div id=\"metaslider_1519\">\n            <ul class='slides'>\n                <li style=\"display: none; width: 100%;\" class=\"slide-1521 ms-image \" aria-roledescription=\"slide\" aria-label=\"slide-1521\" data-date=\"2021-12-02 10:19:59\"><img loading=\"lazy\" decoding=\"async\" src=\"https:\/\/assoyogafacondetre.com\/fr\/wp-content\/uploads\/2021\/11\/vlcsnap-2021-11-14-15h32m37s210-900x600.jpg\" height=\"600\" width=\"900\" alt=\"\" class=\"slider-1519 slide-1521\" title=\"vlcsnap-2021-11-14-15h32m37s210\" \/><\/li>\n                <li style=\"display: none; width: 100%;\" class=\"slide-1522 ms-image \" aria-roledescription=\"slide\" aria-label=\"slide-1522\" data-date=\"2021-12-02 10:19:59\"><img loading=\"lazy\" decoding=\"async\" src=\"https:\/\/assoyogafacondetre.com\/fr\/wp-content\/uploads\/2021\/11\/vlcsnap-2021-11-14-15h45m05s438-900x600.jpg\" height=\"600\" width=\"900\" alt=\"\" class=\"slider-1519 slide-1522\" title=\"vlcsnap-2021-11-14-15h45m05s438\" \/><\/li>\n                <li style=\"display: none; width: 100%;\" class=\"slide-1523 ms-image \" aria-roledescription=\"slide\" aria-label=\"slide-1523\" data-date=\"2021-12-02 10:19:59\"><img loading=\"lazy\" decoding=\"async\" src=\"https:\/\/assoyogafacondetre.com\/fr\/wp-content\/uploads\/2021\/11\/DSC09777-scaled-900x600.jpg\" height=\"600\" width=\"900\" alt=\"\" class=\"slider-1519 slide-1523\" title=\"DSC09777\" \/><\/li>\n                <li style=\"display: none; width: 100%;\" class=\"slide-1524 ms-image \" aria-roledescription=\"slide\" aria-label=\"slide-1524\" data-date=\"2021-12-02 10:19:59\"><img loading=\"lazy\" decoding=\"async\" src=\"https:\/\/assoyogafacondetre.com\/fr\/wp-content\/uploads\/2021\/11\/DSC09817-scaled-900x600.jpg\" height=\"600\" width=\"900\" alt=\"\" class=\"slider-1519 slide-1524\" title=\"DSC09817\" \/><\/li>\n                <li style=\"display: none; width: 100%;\" class=\"slide-1525 ms-image \" aria-roledescription=\"slide\" aria-label=\"slide-1525\" data-date=\"2021-12-02 10:19:59\"><img loading=\"lazy\" decoding=\"async\" src=\"https:\/\/assoyogafacondetre.com\/fr\/wp-content\/uploads\/2021\/11\/vlcsnap-2021-11-14-20h18m25s980-900x600.jpg\" height=\"600\" width=\"900\" alt=\"\" class=\"slider-1519 slide-1525\" title=\"vlcsnap-2021-11-14-20h18m25s980\" \/><\/li>\n            <\/ul>\n        <\/div>\n        \n    <\/div>\n<\/div>\n<h2><span style=\"color: #0000ff;\">SOUL YOGA DE SAMARA<\/span><\/h2>\n<h5><span style=\"color: #0000ff;\">(le yoga de l&rsquo;\u00e2me ; le niveau sup\u00e9rieur du Yoga de Samara)<\/span><\/h5>\n<section class=\"s_text_block\" data-name=\"Text block\">\n<div class=\"container\">\n<div class=\"row\">\n<div class=\"col-lg-12 pb32 pt48\">\n<h4 class=\"lead\"><b>Depuis la nuit des temps<\/b><\/h4>\n<p class=\"lead\">Consid\u00e9r\u00e9s comme des pratiques spirituelles de l&rsquo;\u00e2me, les \u00a0\u00bbArkana-mudras\u00a0\u00bb existent depuis l&rsquo;\u00e9poque pr\u00e9historique, avant la naissance des religions et grandes civilisations de l&rsquo;Antiquit\u00e9. Ils \u00e9taient pour certains \u00eatres humains une fa\u00e7on de se relier plus profond\u00e9ment aux forces de la nature et \u00e0 celles du monde des \u00e2mes et des esprits. On dit qu&rsquo;ils conduisent de l&rsquo;ignorance \u00e0 la connaissance, du manque d&rsquo;\u00e9nergie, \u00e0 la force, du conflit et de la haine \u00e0 la compassion et l&rsquo;amour.<\/p>\n<h4 class=\"lead\"><b>Un yoga postural<\/b><\/h4>\n<p class=\"lead\">Cette pratique se d\u00e9roule dans le cadre d&rsquo;une s\u00e9ance-type de 50 minutes, dont l&rsquo;essentiel consiste dans la prise d&rsquo;une posture m\u00e9ditative, appel\u00e9e Arkana-mudra, qui r\u00e9pondra \u00e0 l&rsquo;intention que vous aurez pos\u00e9e au pr\u00e9alable, sur une musique con\u00e7ue sp\u00e9cialement \u00e0 cet effet. La posture sp\u00e9cifique qu&rsquo;on prend est comme une cl\u00e9 qui permet \u00e0 notre sagesse int\u00e9rieure d&rsquo;acc\u00e9der \u00e0 des perceptions plus subtiles et d&rsquo;entrer en contact avec d&rsquo;autres r\u00e9alit\u00e9s.<\/p>\n<h4 class=\"lead\"><b>L&rsquo;\u00e9nergie te transforme<\/b><\/h4>\n<p class=\"lead\">\u00ab\u00a0Quand tu restes immobile, l&rsquo;\u00e9nergie reste en toi et te transforme. Elle te permet d&rsquo;entrer en contact avec d&rsquo;autres r\u00e9alit\u00e9s propres \u00e0 l&rsquo;\u00e9nergie de la musique ou \u00e0 la source de la musique\u00a0\u00bb (Idris Lahore). Lors de ces m\u00e9ditations, vous avez donc acc\u00e8s \u00e0 des perceptions de nature physique, sensations, odeurs, \u00e9motionnelle ou encore sous forme de pens\u00e9es ou d&rsquo;images. Ainsi, vous pouvez trouver de meilleures solutions \u00e0 vos difficult\u00e9s et de nouvelles r\u00e9ponses \u00e0 vos questions.<\/p>\n<div class=\"t_img_hover_1 te_img_effect2 te_offer_s8_big_img\"><img loading=\"lazy\" decoding=\"async\" class=\"img img-fluid mx-auto aligncenter\" title=\"\" src=\"https:\/\/www.eyme-yoga.com\/web\/image\/45880\/Emma_0017ss-1600px.jpg?access_token=bcecc901-1c8a-45f4-9db6-70734028338f\" width=\"508\" height=\"508\" data-original-title=\"\" aria-describedby=\"tooltip423152\" \/><\/div>\n<\/div>\n<\/div>\n<\/div>\n<\/section>\n<div>\n<hr \/>\n<\/div>\n<div>\n<ul>\n<li><strong>Dates : <\/strong>Sur r\u00e9servation &#8211; atelier d\u00e9butants en matin\u00e9e &#8211; atelier approfondissement en soir\u00e9e<\/li>\n<li><strong>Dur\u00e9e<\/strong> : <strong>MATIN\u00c9E 9H \u00e0 12H, <\/strong>1 s\u00e9ance de Yoga de Samara suivie d&rsquo;une s\u00e9ance de Soul Yoga de Samara<\/li>\n<li><strong>SOIR\u00c9E\u00a0 19h \u00e0 20h30<\/strong> : 1 s\u00e9ance de Soul Yoga de Samara (travail de l&rsquo;intention &#8211; s\u00e9ance &#8211; partage)<\/li>\n<li><strong>Lieu : <\/strong>Avenue Jean-Charles Lamarque 40800 AIRE SUR L&rsquo;ADOUR<strong><br \/>\n<\/strong><\/li>\n<li><strong>Tarif :<\/strong> 30\u20ac la matin\u00e9e ; 15\u20ac la Soir\u00e9e ; tarif trimestre et ann\u00e9e<\/li>\n<li><strong>Pour toutes informations sur la pratique : <\/strong>06 09 11 99 26<\/li>\n<\/ul>\n<p><strong>Prochainement : dimanche 4 mai<\/strong>&#8211; matin\u00e9e de 9h \u00e0 13h : 35\u20ac\u00a0 \/ <strong>samedi 10 mai<\/strong> : matin\u00e9e 9h \u00e0 13h : 35\u20ac<\/p>\n<p><img loading=\"lazy\" decoding=\"async\" class=\"img img-fluid aligncenter\" title=\"\" src=\"https:\/\/www.eyme-yoga.com\/web\/image\/68441\/46138451002_0befe2ef7a_k.jpg?access_token=41e8e01a-84d5-49a7-b3ac-027f09735a3c\" width=\"554\" height=\"312\" data-original-title=\"\" aria-describedby=\"tooltip273772\" \/><\/p>\n<hr \/>\n<\/div>\n<div>\n<h2><span style=\"color: #0000ff;\">SAMAZEN (\u00e0 venir)<\/span><\/h2>\n<p>Emma Thyloch, ma\u00eetre du Samadeva, directement form\u00e9e par Idris Lahore pendant plus de 25 ans aux diff\u00e9rentes m\u00e9thodes psychocorporelles du Samadeva, vient de cr\u00e9er<strong>\u00a03 nouvelles s\u00e9ances type de Yoga de Samara<\/strong>.<\/p>\n<p>Ces nouvelles s\u00e9ances sont bas\u00e9es sur la quintessence du<strong> Yoga de Samara<\/strong> et du <strong>Lahore Nadi Yoga<\/strong> associ\u00e9e \u00e0 la pratique des <strong>Mudras merveilleux<\/strong> et des <strong>M\u00e9ditations th\u00e9rapeutiques des organes<\/strong>\u00a0afin de dynamiser et revitaliser les diff\u00e9rents syst\u00e8mes de notre corps.<\/p>\n<p>Chaque s\u00e9ance agit\u00a0sp\u00e9cifiquement\u00a0sur un syst\u00e8me du corps, et toujours sur le syst\u00e8me nerveux, pour une d\u00e9tente et une r\u00e9g\u00e9n\u00e9ration en profondeur.<\/p>\n<p><span class=\"text-alpha\">Les m\u00e9ditations et mouvements pratiqu\u00e9s pendant ces 3 jours donneront un nouveau souffle \u00e0 tout votre organisme en harmonisant votre corps et votre psychisme. Une occasion r\u00eav\u00e9e pour r\u00e9tablir un lien fort et intime avec tout votre \u00catre !<\/span><\/p>\n<\/div>\n<div><\/div>\n<hr \/>\n<h1><\/h1>\n<h1><span style=\"color: #0000ff;\">Lahore Nadi Yoga<\/span><\/h1>\n<p>Le <strong>Lahore Nadi Yoga<\/strong> est une forme non-violente et douce de yoga. C&rsquo;est le <strong>yoga de la douceur et de l&rsquo;Energie<\/strong>. Les <strong>Nadi Asana<\/strong> permettent de reconnecter les nadis, les lignes \u00e9nerg\u00e9tiques \u00e0 l&rsquo;int\u00e9rieur du corps et, \u00e0 partir du corps, avec l&rsquo;environnement proche&#8230;<\/p>\n<p>Elles relient les diff\u00e9rents syst\u00e8mes du corps, les diff\u00e9rents <strong>chakras<\/strong>. La pratique du Lahore Nadi Yoga permet de donner de l&rsquo;espace \u00e0 la sagesse, \u00e0 l&rsquo;intelligence du corps, pour mieux fonctionner.<\/p>\n<p>Il permet de remettre en place les microluxations articulaires de toutes les vert\u00e8bres. Sachant que chaque vert\u00e8bre est reli\u00e9e \u00e0 un organe, un syst\u00e8me, une ligne \u00e9nerg\u00e9tique, agir sur la colonne est b\u00e9n\u00e9fique pour tout le corps.<\/p>\n<div id=\"metaslider-id-1526\" style=\"width: 100%; margin: 0 auto;\" class=\"ml-slider-3-97-0 metaslider metaslider-flex metaslider-1526 ml-slider ms-theme-default\" role=\"region\" aria-roledescription=\"Slideshow\" aria-label=\"Lahore Nadi Yoga\" data-width=\"900\">\n    <div id=\"metaslider_container_1526\">\n        <div id=\"metaslider_1526\">\n            <ul class='slides'>\n                <li style=\"display: none; width: 100%;\" class=\"slide-1527 ms-image \" aria-roledescription=\"slide\" aria-label=\"slide-1527\" data-date=\"2021-12-02 10:21:24\"><img loading=\"lazy\" decoding=\"async\" src=\"https:\/\/assoyogafacondetre.com\/fr\/wp-content\/uploads\/2021\/11\/DSC09701-scaled-900x600.jpg\" height=\"600\" width=\"900\" alt=\"\" class=\"slider-1526 slide-1527\" title=\"DSC09701\" \/><\/li>\n                <li style=\"display: none; width: 100%;\" class=\"slide-1528 ms-image \" aria-roledescription=\"slide\" aria-label=\"slide-1528\" data-date=\"2021-12-02 10:21:24\"><img loading=\"lazy\" decoding=\"async\" src=\"https:\/\/assoyogafacondetre.com\/fr\/wp-content\/uploads\/2021\/11\/vlcsnap-2021-11-14-20h34m47s357-900x600.jpg\" height=\"600\" width=\"900\" alt=\"\" class=\"slider-1526 slide-1528\" title=\"vlcsnap-2021-11-14-20h34m47s357\" \/><\/li>\n            <\/ul>\n        <\/div>\n        \n    <\/div>\n<\/div>\n","protected":false},"excerpt":{"rendered":"<p>Yoga de Samara Le Yoga de Samara est un art traditionnel de m\u00e9ditation en mouvement qui permet de mieux conna\u00eetre, comprendre et utiliser notre corps physique que nous ressentons parfois comme agr\u00e9able et parfois comme d\u00e9sagr\u00e9able parce qu&rsquo;il est tendu, raide, douloureux, fatigu\u00e9 ou malade. Il maintient ou redonne de la souplesse \u00e0 la colonne &#8230; <a title=\"Yoga\" class=\"read-more\" href=\"https:\/\/assoyogafacondetre.com\/fr\/yoga\/\" aria-label=\"En savoir plus sur Yoga\">Lire la suite<\/a><\/p>\n","protected":false},"author":1,"featured_media":0,"parent":0,"menu_order":0,"comment_status":"closed","ping_status":"closed","template":"","meta":{"footnotes":""},"class_list":["post-1182","page","type-page","status-publish"],"aioseo_notices":[],"_links":{"self":[{"href":"https:\/\/assoyogafacondetre.com\/fr\/wp-json\/wp\/v2\/pages\/1182","targetHints":{"allow":["GET"]}}],"collection":[{"href":"https:\/\/assoyogafacondetre.com\/fr\/wp-json\/wp\/v2\/pages"}],"about":[{"href":"https:\/\/assoyogafacondetre.com\/fr\/wp-json\/wp\/v2\/types\/page"}],"author":[{"embeddable":true,"href":"https:\/\/assoyogafacondetre.com\/fr\/wp-json\/wp\/v2\/users\/1"}],"replies":[{"embeddable":true,"href":"https:\/\/assoyogafacondetre.com\/fr\/wp-json\/wp\/v2\/comments?post=1182"}],"version-history":[{"count":21,"href":"https:\/\/assoyogafacondetre.com\/fr\/wp-json\/wp\/v2\/pages\/1182\/revisions"}],"predecessor-version":[{"id":20004,"href":"https:\/\/assoyogafacondetre.com\/fr\/wp-json\/wp\/v2\/pages\/1182\/revisions\/20004"}],"wp:attachment":[{"href":"https:\/\/assoyogafacondetre.com\/fr\/wp-json\/wp\/v2\/media?parent=1182"}],"curies":[{"name":"wp","href":"https:\/\/api.w.org\/{rel}","templated":true}]}}