{"id":1204,"date":"2021-11-24T17:57:59","date_gmt":"2021-11-24T16:57:59","guid":{"rendered":"https:\/\/assoyogafacondetre.com\/fr\/?page_id=1204"},"modified":"2025-09-04T16:52:54","modified_gmt":"2025-09-04T14:52:54","slug":"formations","status":"publish","type":"page","link":"https:\/\/assoyogafacondetre.com\/fr\/calendrier\/formations\/","title":{"rendered":"Formations"},"content":{"rendered":"<h3 style=\"text-align: center;\"><strong>Approfondissement \/ Formation Yoga de Samara<\/strong><\/h3>\n<h6 style=\"text-align: center;\">(\u00e0 venir &#8211; 2026 &#8211; 2027) &#8211; WEEK END de 2 jours, accessibles \u00e0 tous,<\/h6>\n<p>Devenir moniteur de Yoga de Samara : effectuer 12 jours de formation en pr\u00e9sentiel, participer aux journ\u00e9es de r\u00e9vision, et aux ateliers d&rsquo;\u00e9tude th\u00e9orique. Nous contacter.<\/p>\n<h3 style=\"text-align: center;\"><strong>Approfondissement \/ Formation en Ayurveda Energ\u00e9tique<\/strong><\/h3>\n<h5 style=\"text-align: center;\">OCTOBRE 2025 A SEPTEMBRE 2026 &#8211; 11 ou 14 JOURS<\/h5>\n<ul>\n<li>Ouvert aux d\u00e9butants en tant que d\u00e9couverte et acquisition simple pour usage personnel ou familial ; \u00e9galement en approfondissement, \u00e9galement aux professionnels du bien-\u00eatre qui souhaitent acqu\u00e9rir ces nouvelles techniques (localement, des journ\u00e9es d&rsquo;approfondissement, viendront compl\u00e9ter les dates indiqu\u00e9es et seront r\u00e9serv\u00e9es aux personnes inscrites \u00e0 la formation, vous garantissant un tr\u00e8s beau et bon suivi par votre Instructrice-Coach, Marie-Fran\u00e7oise)<\/li>\n<li><strong>Les \u00e9valuations<\/strong> (WE sp\u00e9cial, mais ouvert \u00e0 tous) portent sur le contenu des 3 premiers week-ends -obtention d&rsquo;une certification.<\/li>\n<li>\n<h6><strong>Au programme&#8230;<\/strong> Cette formation tr\u00e8s compl\u00e8te, aborde autant les bases de SEA que les niveaux sup\u00e9rieurs !<br \/>\nVous apprendrez les bases comme les euphonisations essentielles, les points articulaires bipolaires ou encore l&rsquo;exercice d&rsquo;harmonisation des chakras&#8230;<br \/>\nDurant ces 14 jours, nous aborderons toutes les sections du protocole telles que : organes, glandes et parties du corps, axe de vie de naissance, syst\u00e9mie, enn\u00e9atypes, biochimie, neuro-\u00e9nerg\u00e9tique, etc. &#8230;<br \/>\nA la fin de cette formation vous serez capables de conditionner le bras et de naviguer dans toutes les sections du protocole gr\u00e2ce au questionnement sp\u00e9cifique, pour trouver une meilleure solution \u00e0 la probl\u00e9matique abord\u00e9e par votre client (si vous \u00eates d\u00e9j\u00e0 install\u00e9 dans une profession m\u00e9dicale reconnue)<\/h6>\n<\/li>\n<li><strong>Lieu :<\/strong>\u00a0 AIRE SUR L&rsquo;ADOUR 40800 &#8211; CONFIRME &#8211; Intervenantes : Marie-Fran\u00e7oise MERCIER pour les 3 premi\u00e8res sessions<\/li>\n<li><strong>Dates : <\/strong>\n<ul>\n<li><strong>DECOUVERTE : SAMEDI 11 ET DIMANCHE 12 OCTOBRE<\/strong><\/li>\n<li>https:\/\/www.samadeva.com\/event\/decouverte-de-l-ayurveda-energetique-du-samadeva-11-12-10-2025-4595\/register?fw=2&amp;search=,,<\/li>\n<li>session <strong>1 : VEND 7 AU DIM 9 NOVEMBRE<\/strong><\/li>\n<li>https:\/\/www.samadeva.com\/event\/formation-ayurveda-energetique-du-samadeva-14-jours-07-11-2025-13-09-2026-4594\/register?fw=2&amp;search=,,<\/li>\n<li>session <strong>2 : VEND 16 AU DIM 18 JANVIER<\/strong><\/li>\n<li>session <strong>3 : VEND 13 AU DIM 16 MARS &#8211; <\/strong>Pr\u00e9rrequis : avoir d\u00e9j\u00e0 effectu\u00e9 2 journ\u00e9es<\/li>\n<li>session <strong>4 :\u00a0 <\/strong>EVALUATIONS :<strong> SAMEDI 25 ET DIMANCHE 26 AVRIL &#8211; invervenante : M\u00e9lodie Lionnello<\/strong><\/li>\n<li>session 5 : niveau sup\u00e9rieur &#8211; <strong>VEND 11 AU DIM 13 SEPTEMBRE &#8211; intervenante : Emma Thyloch<\/strong><\/li>\n<\/ul>\n<\/li>\n<li><strong>Tarif <\/strong><strong>normal : 1899 \u20ac (livret SEA et certification incluse) <\/strong><strong>pour l&rsquo;ensemble des week-ends\u00a0<\/strong>si inscription avant le 30 septembre 2025. Le week-end de d\u00e9couverte sera offert &#8211; apr\u00e8s le 30 sept : le WE sera au tarif de 135 \u20ac. Les journ\u00e9es de r\u00e9vision et les zoom d&rsquo;\u00e9tude seront \u00e9galement compris pour une inscription avant le 30 sept.<\/li>\n<li>T<strong>arif normal par journ\u00e9e :<\/strong> 130 \u20ac par jour de formation.<\/li>\n<li><strong>Tarif solidaire<\/strong> : nous consulter.\u00a0 <strong>Tarif \u00ab\u00a0petit groupe\u00a0\u00bb<\/strong> : 20% de r\u00e9duction pour la 2\u00e8me personne ; nous consulter\u00a0 \u00a0<strong>Tarif \u00ab\u00a0formation refaite\u00a0\u00bb<\/strong> : 40% de r\u00e9duction = 78\u20ac par jour. <strong>Certification<\/strong> : 40 \u20ac<\/li>\n<li><strong>Inscription et informations : <\/strong>06 09 11 99 26<\/li>\n<li><\/li>\n<\/ul>\n<hr \/>\n<h3 style=\"text-align: center;\">5 Cl\u00e9s pour r\u00e9soudre tous les probl\u00e8mes<\/h3>\n<ul>\n<li style=\"text-align: left;\">Nous contacter pour constituer le groupe.<strong><br \/>\n<\/strong><\/p>\n<ul>\n<li>Nouvelle Psychologie spirituelle<\/li>\n<li>Yoga de Samara<\/li>\n<li>Techniques \u00c9nerg\u00e9tiques<\/li>\n<li>Psychologie de l&rsquo;Enneagramme<\/li>\n<li>Techniques transg\u00e9n\u00e9rationnelles et syst\u00e9mique<\/li>\n<\/ul>\n<\/li>\n<\/ul>\n<hr \/>\n","protected":false},"excerpt":{"rendered":"<p>Approfondissement \/ Formation Yoga de Samara (\u00e0 venir &#8211; 2026 &#8211; 2027) &#8211; WEEK END de 2 jours, accessibles \u00e0 tous, Devenir moniteur de Yoga de Samara : effectuer 12 jours de formation en pr\u00e9sentiel, participer aux journ\u00e9es de r\u00e9vision, et aux ateliers d&rsquo;\u00e9tude th\u00e9orique. Nous contacter. Approfondissement \/ Formation en Ayurveda Energ\u00e9tique OCTOBRE 2025 &#8230; <a title=\"Formations\" class=\"read-more\" href=\"https:\/\/assoyogafacondetre.com\/fr\/calendrier\/formations\/\" aria-label=\"En savoir plus sur Formations\">Lire la suite<\/a><\/p>\n","protected":false},"author":1,"featured_media":0,"parent":1206,"menu_order":0,"comment_status":"closed","ping_status":"closed","template":"","meta":{"footnotes":""},"class_list":["post-1204","page","type-page","status-publish"],"aioseo_notices":[],"_links":{"self":[{"href":"https:\/\/assoyogafacondetre.com\/fr\/wp-json\/wp\/v2\/pages\/1204","targetHints":{"allow":["GET"]}}],"collection":[{"href":"https:\/\/assoyogafacondetre.com\/fr\/wp-json\/wp\/v2\/pages"}],"about":[{"href":"https:\/\/assoyogafacondetre.com\/fr\/wp-json\/wp\/v2\/types\/page"}],"author":[{"embeddable":true,"href":"https:\/\/assoyogafacondetre.com\/fr\/wp-json\/wp\/v2\/users\/1"}],"replies":[{"embeddable":true,"href":"https:\/\/assoyogafacondetre.com\/fr\/wp-json\/wp\/v2\/comments?post=1204"}],"version-history":[{"count":16,"href":"https:\/\/assoyogafacondetre.com\/fr\/wp-json\/wp\/v2\/pages\/1204\/revisions"}],"predecessor-version":[{"id":19998,"href":"https:\/\/assoyogafacondetre.com\/fr\/wp-json\/wp\/v2\/pages\/1204\/revisions\/19998"}],"up":[{"embeddable":true,"href":"https:\/\/assoyogafacondetre.com\/fr\/wp-json\/wp\/v2\/pages\/1206"}],"wp:attachment":[{"href":"https:\/\/assoyogafacondetre.com\/fr\/wp-json\/wp\/v2\/media?parent=1204"}],"curies":[{"name":"wp","href":"https:\/\/api.w.org\/{rel}","templated":true}]}}