{"id":19584,"date":"2022-06-29T13:54:10","date_gmt":"2022-06-29T11:54:10","guid":{"rendered":"https:\/\/assoyogafacondetre.com\/fr\/?page_id=19584"},"modified":"2025-09-04T16:55:24","modified_gmt":"2025-09-04T14:55:24","slug":"rencontres","status":"publish","type":"page","link":"https:\/\/assoyogafacondetre.com\/fr\/calendrier\/rencontres\/","title":{"rendered":"Se rencontrer"},"content":{"rendered":"<h3 style=\"text-align: center;\"><span style=\"color: #333399;\"><span style=\"color: #0000ff;\">Rencontres 2025<\/span><\/span><strong><span style=\"color: #333399;\"><br \/>\n<\/span><\/strong><\/h3>\n<h4 style=\"text-align: center;\"><span style=\"color: #ff0000;\">FORUM DES ASSOCIATIONS &#8211;\u00a0 SAMEDI 6 SEPTEMBRE &#8211; PARKING DES ARENES 9H \u00e0 12H<\/span><strong><br \/>\n<\/strong><\/h4>\n<h4 style=\"text-align: center;\">AIRE SUR L&rsquo;ADOUR &#8211; <a href=\"https:\/\/assoyogafacondetre.com\/fr\/calendrier\/\">voir calendrier<\/a> &#8211; journ\u00e9e ou week-end<\/h4>\n<h5 style=\"text-align: center;\"><\/h5>\n<p><strong>Sur notre stand \u00ab\u00a0Fa\u00e7on D\u2019\u00catre\u00a0\u00bb<\/strong> : notre COACH, PRATICIENNE EN ENERGETIQUE et particuli\u00e8rement par L&rsquo;AYURVEDA ENERGETIQUE DU SAMADEVA : Marie-Fran\u00e7oise, sera tr\u00e8s heureuse vous accueillir pour une d\u00e9monstration d&rsquo;efficacit\u00e9, de simplicit\u00e9 et d&rsquo;harmonie, de respect, de lien, d&rsquo;\u00e9coute&#8230; et de vous pr\u00e9senter diff\u00e9rentes techniques ; d&rsquo;\u00e9changer avec vous au sujet des <strong>\u00ab\u00a0petits secrets vitalit\u00e9\u00a0\u00bb<\/strong>, vous donner un aper\u00e7u de nos diff\u00e9rentes animations hebdomadaires, <strong>stages<\/strong> ou <strong>week-ends<\/strong> (yoga, m\u00e9ditation, \u00e9nerg\u00e9tique, \u00e9nneagramme, etc&#8230;) tout au long de l&rsquo;ann\u00e9e, et nos <strong>formations<\/strong>. Et vous pourrez m\u00eame vous inscrire !<\/p>\n<hr \/>\n<h3 style=\"text-align: center;\"><span style=\"color: #0000ff;\">CONFERENCE &#8211; pr\u00e9sentation ou atelier&#8230;. \u00e0 la demande.<\/span><\/h3>\n<h4 style=\"text-align: center;\"><\/h4>\n<p><img loading=\"lazy\" decoding=\"async\" class=\"wp-image-1292 aligncenter\" src=\"https:\/\/assoyogafacondetre.com\/fr\/wp-content\/uploads\/2021\/11\/DSC09947-scaled.jpg\" alt=\"\" width=\"407\" height=\"271\" srcset=\"https:\/\/assoyogafacondetre.com\/fr\/wp-content\/uploads\/2021\/11\/DSC09947-scaled.jpg 2560w, https:\/\/assoyogafacondetre.com\/fr\/wp-content\/uploads\/2021\/11\/DSC09947-300x200.jpg 300w, https:\/\/assoyogafacondetre.com\/fr\/wp-content\/uploads\/2021\/11\/DSC09947-1024x683.jpg 1024w, https:\/\/assoyogafacondetre.com\/fr\/wp-content\/uploads\/2021\/11\/DSC09947-768x512.jpg 768w, https:\/\/assoyogafacondetre.com\/fr\/wp-content\/uploads\/2021\/11\/DSC09947-1536x1024.jpg 1536w, https:\/\/assoyogafacondetre.com\/fr\/wp-content\/uploads\/2021\/11\/DSC09947-2048x1365.jpg 2048w\" sizes=\"auto, (max-width: 407px) 100vw, 407px\" \/><\/p>\n<ul>\n<li>Harmonisation \u00e9nerg\u00e9tique personnalis\u00e9e<\/li>\n<\/ul>\n<p>Vous souhaitez une vraie d\u00e9couverte plus approfondie ?\u00a0 1 s\u00e9ance compl\u00e8te dans un lieu tranquille et adapt\u00e9&#8230; <a href=\"https:\/\/assoyogafacondetre.com\/fr\/contact\/\">contactez-nous !<\/a><\/p>\n<p><img loading=\"lazy\" decoding=\"async\" class=\" wp-image-1281 aligncenter\" src=\"https:\/\/assoyogafacondetre.com\/fr\/wp-content\/uploads\/2021\/11\/DSC00026-300x200.jpg\" alt=\"\" width=\"408\" height=\"272\" srcset=\"https:\/\/assoyogafacondetre.com\/fr\/wp-content\/uploads\/2021\/11\/DSC00026-300x200.jpg 300w, https:\/\/assoyogafacondetre.com\/fr\/wp-content\/uploads\/2021\/11\/DSC00026-1024x683.jpg 1024w, https:\/\/assoyogafacondetre.com\/fr\/wp-content\/uploads\/2021\/11\/DSC00026-768x512.jpg 768w, https:\/\/assoyogafacondetre.com\/fr\/wp-content\/uploads\/2021\/11\/DSC00026-1536x1024.jpg 1536w, https:\/\/assoyogafacondetre.com\/fr\/wp-content\/uploads\/2021\/11\/DSC00026-2048x1365.jpg 2048w\" sizes=\"auto, (max-width: 408px) 100vw, 408px\" \/><\/p>\n<p><strong>Pour en savoir plus : <\/strong>Venez \u00e9couter nos conf\u00e9rences !<\/p>\n<p><strong>\u00a0<\/strong><\/p>\n<ul>\n<li>\u00a0\u00ab\u00a0<strong>Recr\u00e9er l&rsquo;harmonie<\/strong> avec soi-m\u00eame, les autres et le <strong>monde<\/strong> par l&rsquo;<strong>Ayurveda <\/strong><b>\u00c9nerg\u00e9tique<\/b>\u00ab\u00a0<\/li>\n<\/ul>\n<hr \/>\n<h4 style=\"text-align: center;\"><\/h4>\n","protected":false},"excerpt":{"rendered":"<p>Rencontres 2025 FORUM DES ASSOCIATIONS &#8211;\u00a0 SAMEDI 6 SEPTEMBRE &#8211; PARKING DES ARENES 9H \u00e0 12H AIRE SUR L&rsquo;ADOUR &#8211; voir calendrier &#8211; journ\u00e9e ou week-end Sur notre stand \u00ab\u00a0Fa\u00e7on D\u2019\u00catre\u00a0\u00bb : notre COACH, PRATICIENNE EN ENERGETIQUE et particuli\u00e8rement par L&rsquo;AYURVEDA ENERGETIQUE DU SAMADEVA : Marie-Fran\u00e7oise, sera tr\u00e8s heureuse vous accueillir pour une d\u00e9monstration d&rsquo;efficacit\u00e9, &#8230; <a title=\"Se rencontrer\" class=\"read-more\" href=\"https:\/\/assoyogafacondetre.com\/fr\/calendrier\/rencontres\/\" aria-label=\"En savoir plus sur Se rencontrer\">Lire la suite<\/a><\/p>\n","protected":false},"author":1,"featured_media":0,"parent":1206,"menu_order":0,"comment_status":"closed","ping_status":"closed","template":"","meta":{"footnotes":""},"class_list":["post-19584","page","type-page","status-publish"],"aioseo_notices":[],"_links":{"self":[{"href":"https:\/\/assoyogafacondetre.com\/fr\/wp-json\/wp\/v2\/pages\/19584","targetHints":{"allow":["GET"]}}],"collection":[{"href":"https:\/\/assoyogafacondetre.com\/fr\/wp-json\/wp\/v2\/pages"}],"about":[{"href":"https:\/\/assoyogafacondetre.com\/fr\/wp-json\/wp\/v2\/types\/page"}],"author":[{"embeddable":true,"href":"https:\/\/assoyogafacondetre.com\/fr\/wp-json\/wp\/v2\/users\/1"}],"replies":[{"embeddable":true,"href":"https:\/\/assoyogafacondetre.com\/fr\/wp-json\/wp\/v2\/comments?post=19584"}],"version-history":[{"count":13,"href":"https:\/\/assoyogafacondetre.com\/fr\/wp-json\/wp\/v2\/pages\/19584\/revisions"}],"predecessor-version":[{"id":20000,"href":"https:\/\/assoyogafacondetre.com\/fr\/wp-json\/wp\/v2\/pages\/19584\/revisions\/20000"}],"up":[{"embeddable":true,"href":"https:\/\/assoyogafacondetre.com\/fr\/wp-json\/wp\/v2\/pages\/1206"}],"wp:attachment":[{"href":"https:\/\/assoyogafacondetre.com\/fr\/wp-json\/wp\/v2\/media?parent=19584"}],"curies":[{"name":"wp","href":"https:\/\/api.w.org\/{rel}","templated":true}]}}