{"id":59,"date":"2018-12-12T22:24:54","date_gmt":"2018-12-12T21:24:54","guid":{"rendered":"http:\/\/assoyogafacondetre.com\/fr\/?page_id=59"},"modified":"2025-09-04T15:06:26","modified_gmt":"2025-09-04T13:06:26","slug":"ateliers-conferences","status":"publish","type":"page","link":"https:\/\/assoyogafacondetre.com\/fr\/ateliers-conferences\/","title":{"rendered":"Ateliers-Conf\u00e9rences"},"content":{"rendered":"\n<p><\/p>\n\n\n\n<h4 class=\"wp-block-heading wp-block-image is-resized\"><strong>ATELIERS yoga et m\u00e9ditation NOUVEAU ! <\/strong>merc 10 sept  2025- 16h ; mardi 23 sept &#8211; 9h<\/h4>\n\n\n\n<p><\/p>\n\n\n\n<p><strong>&#8211; ATELIER danses sacr\u00e9es : <\/strong> <\/p>\n\n\n\n<h5 class=\"wp-block-heading\">Differents ateliers : Psychologie Essentielle et Spirituelle, Psychologie de l&rsquo;Enneagramme, Ateliers Energ\u00e9tiques : dissoudre les blocages en lien avec les \u00e9motions polluantes et les id\u00e9es limitantes, Ayurveda Energ\u00e9tique, Techniques Transg\u00e9n\u00e9rationnelles et syst\u00e9miques : voir calendrier<\/h5>\n\n\n\n<p><\/p>\n\n\n\n<h3 class=\"wp-block-heading wp-block-image is-resized\"><span style=\"color: #0000ff;\"><strong>Les ATELIERS-conf\u00e9rences &#8211;<\/strong><\/span><\/h3>\n\n\n\n<p>Ateliers d\u00e9couverte\/\u00e9coute ; \u00e9changes en petits groupes ; QUESTIONS\/R\u00c9PONSES. Ouvert \u00e0 tout public, sur r\u00e9servation. Une belle possibilit\u00e9 d&rsquo;apprendre, d&rsquo;int\u00e9grer et de pratiquer sur soi.<\/p>\n\n\n\n<ul class=\"wp-block-list\">\n<li>Sur r\u00e9servation &#8211; 06 09 11 99 26 &#8211; <span style=\"color: #0000ff;\"><strong>GRATUIT !<\/strong><\/span><\/li>\n<\/ul>\n\n\n\n<p>D&rsquo;autres ateliers-conf\u00e9rences sont disponibles sur les th\u00e8mes suivants : Pr\u00e9sentation des 5 \u00ab\u00a0MOUVEMENTS ELEMENTAUX\u00a0\u00bb dont la Nouvelle Psychologie Essentielle (issue de la Psycho-Anthropologie de Selim Aissel), le Yoga de Samara et le Lahore Nadi Yoga selon Idris Lahore, les techniques \u00e9nerg\u00e9tiques, (par les M\u00e9ridiens \/ Ayurveda Energ\u00e9tique du Samadeva), l&rsquo;Enneagramme (pour mieux se conna\u00eetre, conna\u00eetre les autres, le monde), les Techniques Transg\u00e9n\u00e9rationnelles et Syst\u00e9miques&#8230;<\/p>\n\n\n\n<p>Les th\u00e8mes en lien avec la Nouvelle Psychologie Spirituelle : \u00ab\u00a0la double biographie\u00a0\u00bb, \u00ab\u00a0la double nature de L\u2019\u00catre Humain, Corps et Esprit\u00a0\u00bb, \u00ab\u00a0Essence et Personnalit\u00e9\u00a0\u00bb avec un tr\u00e8s beau protocole \u00e0 vivre ou \u00e0 red\u00e9couvrir, .. et bien d&rsquo;autres encore.<\/p>\n\n\n<div class=\"wp-block-image\">\n<figure class=\"aligncenter is-resized\"><img loading=\"lazy\" decoding=\"async\" width=\"2560\" height=\"1321\" src=\"https:\/\/assoyogafacondetre.com\/fr\/wp-content\/uploads\/2021\/12\/DSC000212-scaled.jpg\" alt=\"\" class=\"wp-image-1489\" style=\"width:442px;height:auto\" srcset=\"https:\/\/assoyogafacondetre.com\/fr\/wp-content\/uploads\/2021\/12\/DSC000212-scaled.jpg 2560w, https:\/\/assoyogafacondetre.com\/fr\/wp-content\/uploads\/2021\/12\/DSC000212-300x155.jpg 300w, https:\/\/assoyogafacondetre.com\/fr\/wp-content\/uploads\/2021\/12\/DSC000212-1024x528.jpg 1024w, https:\/\/assoyogafacondetre.com\/fr\/wp-content\/uploads\/2021\/12\/DSC000212-768x396.jpg 768w, https:\/\/assoyogafacondetre.com\/fr\/wp-content\/uploads\/2021\/12\/DSC000212-1536x793.jpg 1536w, https:\/\/assoyogafacondetre.com\/fr\/wp-content\/uploads\/2021\/12\/DSC000212-2048x1057.jpg 2048w\" sizes=\"auto, (max-width: 2560px) 100vw, 2560px\" \/><\/figure>\n<\/div>\n\n\n<hr class=\"wp-block-separator has-alpha-channel-opacity\"\/>\n\n\n\n<p><\/p>\n\n\n\n<h4 class=\"wp-block-heading\"><strong>Nos \u00ab\u00a0petits ateliers\u00a0\u00bb&nbsp; <span style=\"color: #0000ff;\">&#8211;&nbsp; zoom <\/span><br><\/strong><\/h4>\n\n\n<div class=\"wp-block-image\">\n<figure class=\"alignright\"><img loading=\"lazy\" decoding=\"async\" width=\"727\" height=\"620\" src=\"https:\/\/assoyogafacondetre.com\/fr\/wp-content\/uploads\/2021\/11\/zoom-photo.png\" alt=\"\" class=\"wp-image-1305\" srcset=\"https:\/\/assoyogafacondetre.com\/fr\/wp-content\/uploads\/2021\/11\/zoom-photo.png 727w, https:\/\/assoyogafacondetre.com\/fr\/wp-content\/uploads\/2021\/11\/zoom-photo-300x256.png 300w\" sizes=\"auto, (max-width: 727px) 100vw, 727px\" \/><\/figure>\n<\/div>\n\n\n<p><\/p>\n\n\n\n<p>A <strong>Aire-sur-Adour<\/strong> ou encore nous inviter chez vous ou dans votre entreprise&#8230; Et nous pourrons aussi nous adapter \u00e0 vos th\u00e9matiques.<\/p>\n\n\n\n<p>En petit groupe en pr\u00e9sentiel ou en distanciel : apprentissage des techniques \u00e9nerg\u00e9tiques, des s\u00e9ances \u00ab\u00a0sp\u00e9cial articulations\u00a0\u00bb,&nbsp; apprendre \u00e0 se conna\u00eetre \u00e0 travers l&rsquo;\u00e9nneagramme, acqu\u00e9rir et partager des connaissances de psychologie essentielle, aborder les techniques transg\u00e9n\u00e9rationnelles et syst\u00e9miques&#8230;<\/p>\n\n\n\n<ul class=\"wp-block-list\">\n<li><strong>Dur\u00e9e :<\/strong> environ 2h<\/li>\n<\/ul>\n\n\n\n<p>&nbsp;<\/p>\n","protected":false},"excerpt":{"rendered":"<p>ATELIERS yoga et m\u00e9ditation NOUVEAU ! merc 10 sept 2025- 16h ; mardi 23 sept &#8211; 9h &#8211; ATELIER danses sacr\u00e9es : Differents ateliers : Psychologie Essentielle et Spirituelle, Psychologie de l&rsquo;Enneagramme, Ateliers Energ\u00e9tiques : dissoudre les blocages en lien avec les \u00e9motions polluantes et les id\u00e9es limitantes, Ayurveda Energ\u00e9tique, Techniques Transg\u00e9n\u00e9rationnelles et syst\u00e9miques : &#8230; <a title=\"Ateliers-Conf\u00e9rences\" class=\"read-more\" href=\"https:\/\/assoyogafacondetre.com\/fr\/ateliers-conferences\/\" aria-label=\"En savoir plus sur Ateliers-Conf\u00e9rences\">Lire la suite<\/a><\/p>\n","protected":false},"author":1,"featured_media":0,"parent":0,"menu_order":0,"comment_status":"closed","ping_status":"closed","template":"","meta":{"footnotes":""},"class_list":["post-59","page","type-page","status-publish"],"aioseo_notices":[],"_links":{"self":[{"href":"https:\/\/assoyogafacondetre.com\/fr\/wp-json\/wp\/v2\/pages\/59","targetHints":{"allow":["GET"]}}],"collection":[{"href":"https:\/\/assoyogafacondetre.com\/fr\/wp-json\/wp\/v2\/pages"}],"about":[{"href":"https:\/\/assoyogafacondetre.com\/fr\/wp-json\/wp\/v2\/types\/page"}],"author":[{"embeddable":true,"href":"https:\/\/assoyogafacondetre.com\/fr\/wp-json\/wp\/v2\/users\/1"}],"replies":[{"embeddable":true,"href":"https:\/\/assoyogafacondetre.com\/fr\/wp-json\/wp\/v2\/comments?post=59"}],"version-history":[{"count":21,"href":"https:\/\/assoyogafacondetre.com\/fr\/wp-json\/wp\/v2\/pages\/59\/revisions"}],"predecessor-version":[{"id":19986,"href":"https:\/\/assoyogafacondetre.com\/fr\/wp-json\/wp\/v2\/pages\/59\/revisions\/19986"}],"wp:attachment":[{"href":"https:\/\/assoyogafacondetre.com\/fr\/wp-json\/wp\/v2\/media?parent=59"}],"curies":[{"name":"wp","href":"https:\/\/api.w.org\/{rel}","templated":true}]}}